{"id":14253,"date":"2022-04-23T12:36:16","date_gmt":"2022-04-23T11:36:16","guid":{"rendered":"https:\/\/minesup.gov.cm\/?page_id=14253"},"modified":"2025-04-08T17:49:09","modified_gmt":"2025-04-08T16:49:09","slug":"direction-du-developpement-de-lenseignement-superieur-ddes","status":"publish","type":"page","link":"https:\/\/www.minesup.gov.cm\/index.php\/direction-du-developpement-de-lenseignement-superieur-ddes\/","title":{"rendered":"Direction du D\u00e9veloppement de l\u2019Enseignement Sup\u00e9rieur (DDES)"},"content":{"rendered":"\n<figure class=\"wp-block-table\"><table><tbody><tr><td class=\"has-text-align-center\" data-align=\"center\"><br><strong>Pr MBARGA BINDZI Marie Alain<\/strong><br><em>Directeur<\/em><\/td><\/tr><\/tbody><\/table><\/figure>\n\n\n<p style=\"text-align: center;\"><span style=\"color: #000080;\"><strong>Chapitre 2 &#8211; DE LA DIRECTION DU D\u00c9VELOPPEMENT DE L&rsquo;ENSEIGNEMENT SUP\u00c9RIEUR <\/strong><\/span><\/p>\n<p style=\"text-align: justify;\">Article 28.- (1) Plac\u00e9e sous l&rsquo;autorit\u00e9 d&rsquo;un Directeur, la Direction du D\u00e9veloppement de l&rsquo;Enseignement Sup\u00e9rieur est charg\u00e9e: <br>&#8211; de l&rsquo;\u00e9laboration et du suivi de la mise en \u0153uvre des strat\u00e9gies de d\u00e9veloppement de l&rsquo;enseignement sup\u00e9rieur; <br>&#8211; du renforcement et de la diversification de l&rsquo;offre de formation universitaire; de la promotion de la professionnalisation et des modes alternatifs d&rsquo;enseignement et d&rsquo;apprentissage dans l&rsquo;enseignement sup\u00e9rieur; <br>&#8211; de l&rsquo;adaptation des programmes d&rsquo;enseignement en rapport avec le d\u00e9veloppement \u00e9conomique, social et culturel de la Nation; <br>&#8211; de l&rsquo;harmonisation des programmes d&rsquo;enseignement des institutions de formation universitaires; <br>&#8211; de l&rsquo;\u00e9laboration des projets de textes relatifs \u00e0 l&rsquo;enseignement sup\u00e9rieur public, en liaison avec la Division des Affaires Juridiques; <br>&#8211; de l&rsquo;\u00e9tude des dossiers se rapportant au d\u00e9veloppement de l&rsquo;enseignement sup\u00e9rieur; <br>&#8211; de l&rsquo;instruction des proc\u00e9dures relatives \u00e0 la cr\u00e9ation, \u00e0 l&rsquo;ouverture, \u00e0 la suspension et \u00e0 la fermeture des \u00e9tablissements d&rsquo;enseignement sup\u00e9rieur, ainsi que des fili\u00e8res de formation; <br>&#8211; de l&rsquo;analyse des dossiers de recrutement des assistants techniques, en liaison avec les institutions universitaires; <br>&#8211; du suivi de la gestion de la carri\u00e8re des enseignants; <br>&#8211; de la pr\u00e9paration des dossiers \u00e0 soumettre au Comit\u00e9 Consultatif des Institutions Universitaires; <br>&#8211; du secr\u00e9tariat et du suivi des r\u00e9solutions des organes consultatifs et statutaires de l&rsquo;enseignement sup\u00e9rieur; <br>&#8211; de la coh\u00e9rence du d\u00e9veloppement des instituts et \u00e9tablissements priv\u00e9s d&rsquo;enseignement sup\u00e9rieur en rapport avec la politique nationale de l&rsquo;enseignement sup\u00e9rieur; <br>&#8211; du suivi des activit\u00e9s des instituts et \u00e9tablissements priv\u00e9s d&rsquo;enseignement sup\u00e9rieur, en liaison avec la Commission Nationale de l&rsquo;Enseignement Sup\u00e9rieur Priv\u00e9; <br>&#8211; du contr\u00f4le administratif et acad\u00e9mique des Instituts et Etablissements Priv\u00e9s d&rsquo;enseignement sup\u00e9rieur, en liaison avec les Inspections G\u00e9n\u00e9rales et la Commission Nationale de l&rsquo;Enseignement Sup\u00e9rieur Priv\u00e9; <br>&#8211; de l&rsquo;instruction des proc\u00e9dures relatives \u00e0 la cr\u00e9ation, \u00e0 l&rsquo;ouverture, \u00e0 la suspension et \u00e0 la fermeture des \u00e9tablissements et des fili\u00e8res de formation dans les Instituts et Etablissements Priv\u00e9s d&rsquo;enseignement sup\u00e9rieur. <br>(2) Elle comprend: <br>&#8211; la Cellule de la Diversification de l&rsquo;Offre de Formation et des Programmes d&rsquo;Enseignement; <br>&#8211; la Cellule de l&rsquo;Evaluation et de la Promotion de l&rsquo;Enseignant; <br>&#8211; la Sous-Direction de l&rsquo;Enseignement Sup\u00e9rieur Priv\u00e9.<\/p>\n<p style=\"text-align: justify;\"><span style=\"color: #000080;\"><strong>Section 1 &#8211; De la Cellule de la Diversification de l&rsquo;Offre de Formation et des Programmes d&rsquo;Enseignement <\/strong><\/span> <br>Article 29.- (1) Plac\u00e9e sous l&rsquo;autorit\u00e9 d&rsquo;un Chef de Cellule, la Cellule de la Diversification de l&rsquo;Offre de Formation et des Programmes d&rsquo;Enseignement est charg\u00e9e: <br>&#8211; de l&rsquo;adaptation des programmes d&rsquo;enseignement, en rapport avec le d\u00e9veloppement \u00e9conomique, social et culturel de la Nation; <br>&#8211; de l&rsquo;harmonisation des programmes d&rsquo;enseignement des institutions de formation universitaires; <br>&#8211; de l&rsquo;\u00e9laboration des projets de textes relatifs aux programmes d&rsquo;enseignement sup\u00e9rieur public, en liaison avec la Division des Affaires Juridiques; <br>&#8211; de l&rsquo;\u00e9tude des dossiers se rapportant au d\u00e9veloppement de l&rsquo;enseignement sup\u00e9rieur; <br>&#8211; de l&rsquo;instruction des proc\u00e9dures de validation des programmes d&rsquo;enseignement, ainsi que de leur adaptation \u00e0 l&rsquo;environnement socio\u00e9conomique et culturel. <br>&#8211; de l&rsquo;instruction des proc\u00e9dures relatives \u00e0 la cr\u00e9ation, \u00e0 l&rsquo;ouverture, \u00e0 la suspension et \u00e0 la fermeture des \u00e9tablissements d&rsquo;enseignement sup\u00e9rieur public; <br>&#8211; de l&rsquo;instruction des proc\u00e9dures relatives \u00e0 la cr\u00e9ation, \u00e0 l&rsquo;ouverture et \u00e0 la fermeture des fili\u00e8res de formation. <br>(2) Elle comprend, outre le Chef de Cellule, deux (02) Charg\u00e9s d&rsquo;Etudes Assistants.<\/p>\n<p style=\"text-align: justify;\"><span style=\"color: #000080;\"><strong>Section 2 &#8211; De la Cellule de l&rsquo;Evaluation et de la Promotion de l&rsquo;Enseignant <\/strong><\/span> <br>Article 30.- (1) Plac\u00e9e sous l&rsquo;autorit\u00e9 d&rsquo;un Chef de Cellule, la Cellule de l&rsquo;Evaluation et de la Promotion de l&rsquo;Enseignant est charg\u00e9e: <br>&#8211; du suivi et de la gestion de la carri\u00e8re acad\u00e9mique des enseignants des institutions universitaires et des \u00e9tablissements d&rsquo;enseignement sup\u00e9rieur sous tutelle acad\u00e9mique et \u00e0 statut particulier; <br>&#8211; du renforcement des capacit\u00e9s acad\u00e9miques du personnel Enseignant; <br>&#8211; du suivi de la gestion des effectifs des enseignants dans les institutions universitaires publiques; <br>&#8211; de la mise \u00e0 jour permanente des donn\u00e9es relatives \u00e0 l&rsquo;\u00e9valuation et \u00e0 la promotion des enseignants; <br>&#8211; de la pr\u00e9paration des projets de textes relatifs au changement de grade des enseignants; <br>&#8211; de l&rsquo;\u00e9tude de tout dossier relatif \u00e0 la carri\u00e8re des Enseignants; <br>&#8211; de la pr\u00e9paration des dossiers \u00e0 soumettre aux instances statutaires consultatives sur la carri\u00e8re de l&rsquo;Enseignant. <br>(2) Elle comprend, outre le Chef de Cellule, deux (02) Charg\u00e9s d&rsquo;Etudes Assistants.<\/p>\n<p style=\"text-align: justify;\"><span style=\"color: #000080;\"><strong>Section 3 &#8211; De la Sous-Direction de l&rsquo;Enseignement Sup\u00e9rieur Priv\u00e9 <\/strong><\/span> <br>Article 31.- (1) Plac\u00e9e sous l&rsquo;autorit\u00e9 d&rsquo;un Sous-Directeur, la Sous-Direction de l&rsquo;Enseignement Sup\u00e9rieur Priv\u00e9 est charg\u00e9e: <br>&#8211; du suivi des activit\u00e9s des instituts et \u00e9tablissements priv\u00e9s d&rsquo;enseignement sup\u00e9rieur, en liaison avec la Commission Nationale de l&rsquo;Enseignement Sup\u00e9rieur Priv\u00e9 ; <br>&#8211; du contr\u00f4le administratif et acad\u00e9mique des Instituts et Etablissements Priv\u00e9s d&rsquo;enseignement sup\u00e9rieur, en liaison avec les Inspections G\u00e9n\u00e9rales et la Commission <br>Nationale de l&rsquo;Enseignement Sup\u00e9rieur Priv\u00e9; <br>&#8211; du d\u00e9veloppement coh\u00e9rent des instituts et \u00e9tablissements priv\u00e9s d&rsquo;enseignement sup\u00e9rieur, en rapport avec la politique nationale de l&rsquo;enseignement sup\u00e9rieur et de l&rsquo;am\u00e9nagement du territoire; <br>&#8211; de l&rsquo;instruction des proc\u00e9dures relatives \u00e0 la cr\u00e9ation, \u00e2 l&rsquo;ouverture des \u00e9tablissements et des fili\u00e8res de formation dans les instituts et \u00e9tablissements priv\u00e9s d&rsquo;enseignement sup\u00e9rieur; <br>&#8211; de l&rsquo;instruction des proc\u00e9dures relatives \u00e0 la suspension et \u00e0 la fermeture des \u00e9tablissements et des fili\u00e8res de formation dans les instituts priv\u00e9s d&rsquo;enseignement sup\u00e9rieur; <br>&#8211; de l&rsquo;initiation des projets de textes r\u00e9gissant l&rsquo;activit\u00e9 des instituts priv\u00e9s d&rsquo;enseignement sup\u00e9rieur; <br>&#8211; de la collecte et de l&rsquo;exploitation de la documentation sur l&rsquo;Enseignement Sup\u00e9rieur Priv\u00e9; <br>&#8211; de l&rsquo;instruction et du traitement des dossiers d&rsquo;agr\u00e9ment aux postes de direction dans les instituts et \u00e9tablissements priv\u00e9s d&rsquo;enseignement sup\u00e9rieur; <br>&#8211; du secr\u00e9tariat et de l&rsquo;application des r\u00e9solutions des organes consultatifs de l&rsquo;enseignement sup\u00e9rieur priv\u00e9. <br>(2) Elle comprend: <br>&#8211; le Service des Agr\u00e9ments; <br>&#8211; le Service du Suivi des Instituts et Etablissements Priv\u00e9s d&rsquo;Enseignement Sup\u00e9rieur. <br>Article 32.- Plac\u00e9 sous l&rsquo;autorit\u00e9 d&rsquo;un Chef de Service, le Service des Agr\u00e9ments est charg\u00e9: <br>&#8211; de la pr\u00e9paration des textes r\u00e9glementaires relatifs aux agr\u00e9ments; <br>&#8211; du d\u00e9veloppement coh\u00e9rent des instituts et \u00e9tablissements prives d&rsquo;Enseignement Sup\u00e9rieur, en rapport avec la politique nationale de l&rsquo;enseignement sup\u00e9rieur et de l&rsquo;am\u00e9nagement du territoire; <br>&#8211; de l&rsquo;instruction des proc\u00e9dures relatives \u00e0 la cr\u00e9ation, \u00e0 l&rsquo;ouverture et \u00e0 la classification des Instituts et Etablissements Priv\u00e9s d&rsquo;enseignement sup\u00e9rieur; <br>&#8211; de l&rsquo;instruction des proc\u00e9dures relatives \u00e0 la cr\u00e9ation et \u00e0 l&rsquo;ouverture des cycles et fili\u00e8res de formation dans les \u00e9tablissements priv\u00e9s d&rsquo;enseignement sup\u00e9rieur; <br>&#8211; du traitement des dossiers d&rsquo;agr\u00e9ment aux postes de direction dans les instituts et \u00e9tablissements priv\u00e9s d&rsquo;enseignement sup\u00e9rieur; <br>&#8211; du secr\u00e9tariat et de l&rsquo;application des r\u00e9solutions des organes consultatifs et statutaires de l&rsquo;enseignement sup\u00e9rieur priv\u00e9. <br>Article 33.- Plac\u00e9 sous l&rsquo;autorit\u00e9 d&rsquo;un Chef de Service, le Service du Suivi des Instituts et Etablissements Priv\u00e9s d&rsquo;Enseignement Sup\u00e9rieur est charg\u00e9: <br>&#8211; de la centralisation des informations sur les Instituts et \u00e9tablissements priv\u00e9s d&rsquo;enseignement sup\u00e9rieur; <br>&#8211; de la pr\u00e9paration des dossiers relatifs au contr\u00f4le des Instituts et Etablissements Priv\u00e9s d&rsquo;Enseignement Sup\u00e9rieur; <br>&#8211; du suivi du fonctionnement des Instituts et Etablissements Priv\u00e9s d&rsquo;enseignement sup\u00e9rieur.<\/p>\n\n\n<figure class=\"wp-block-table\"><table class=\"has-fixed-layout\"><tbody><tr><td class=\"has-text-align-center\" data-align=\"center\"><img loading=\"lazy\" width=\"626\" height=\"712\" class=\"wp-image-17647\" style=\"width: 150px;\" src=\"https:\/\/minesup.gov.cm\/wp-content\/uploads\/2023\/09\/WhatsApp-Image-2023-09-25-at-12.35.06-e1695641852195.jpeg\" alt=\"\" srcset=\"https:\/\/www.minesup.gov.cm\/wp-content\/uploads\/2023\/09\/WhatsApp-Image-2023-09-25-at-12.35.06-e1695641852195.jpeg 626w, https:\/\/www.minesup.gov.cm\/wp-content\/uploads\/2023\/09\/WhatsApp-Image-2023-09-25-at-12.35.06-e1695641852195-264x300.jpeg 264w\" sizes=\"(max-width: 626px) 100vw, 626px\" \/><br><strong>Dr ESSAMA ETOUNDI Marthe epse NDJEBAKAL<\/strong><br><em>Chef de la Cellule de la Diversification de l&rsquo;Offre de Formation et des Programmes d&rsquo;Enseignement<\/em><\/td><td class=\"has-text-align-center\" data-align=\"center\"><img loading=\"lazy\" width=\"737\" height=\"869\" class=\"wp-image-17648\" style=\"width: 150px;\" src=\"https:\/\/minesup.gov.cm\/wp-content\/uploads\/2023\/09\/WhatsApp-Image-2023-09-25-at-12.15.11-e1695642058824.jpeg\" alt=\"\" srcset=\"https:\/\/www.minesup.gov.cm\/wp-content\/uploads\/2023\/09\/WhatsApp-Image-2023-09-25-at-12.15.11-e1695642058824.jpeg 737w, https:\/\/www.minesup.gov.cm\/wp-content\/uploads\/2023\/09\/WhatsApp-Image-2023-09-25-at-12.15.11-e1695642058824-254x300.jpeg 254w\" sizes=\"(max-width: 737px) 100vw, 737px\" \/><br><strong>M. BARKINDO HAMAYADJI IDI BELL<\/strong><br><em>Chef de la Cellule de l&rsquo;Evaluation et de la Promotion de l&rsquo;Enseignant<\/em><\/td><td class=\"has-text-align-center\" data-align=\"center\"><img loading=\"lazy\" width=\"659\" height=\"765\" class=\"wp-image-14492\" style=\"width: 150px;\" src=\"https:\/\/minesup.gov.cm\/wp-content\/uploads\/2022\/04\/esup.jpg\" alt=\"\" srcset=\"https:\/\/www.minesup.gov.cm\/wp-content\/uploads\/2022\/04\/esup.jpg 659w, https:\/\/www.minesup.gov.cm\/wp-content\/uploads\/2022\/04\/esup-258x300.jpg 258w\" sizes=\"(max-width: 659px) 100vw, 659px\" \/><br><strong>Mme EZA n\u00e9e ABATE Jeannette Georges Cl\u00e9mence<\/strong><br><em>Sous-Directeur de l&rsquo;Enseignement Sup\u00e9rieur Priv\u00e9.<\/em><\/td><\/tr><\/tbody><\/table><\/figure>\n","protected":false},"excerpt":{"rendered":"<p>&#46;&#46;&#46;<\/p>\n","protected":false},"author":2,"featured_media":0,"parent":0,"menu_order":0,"comment_status":"closed","ping_status":"closed","template":"","meta":[],"_links":{"self":[{"href":"https:\/\/www.minesup.gov.cm\/index.php\/wp-json\/wp\/v2\/pages\/14253"}],"collection":[{"href":"https:\/\/www.minesup.gov.cm\/index.php\/wp-json\/wp\/v2\/pages"}],"about":[{"href":"https:\/\/www.minesup.gov.cm\/index.php\/wp-json\/wp\/v2\/types\/page"}],"author":[{"embeddable":true,"href":"https:\/\/www.minesup.gov.cm\/index.php\/wp-json\/wp\/v2\/users\/2"}],"replies":[{"embeddable":true,"href":"https:\/\/www.minesup.gov.cm\/index.php\/wp-json\/wp\/v2\/comments?post=14253"}],"version-history":[{"count":6,"href":"https:\/\/www.minesup.gov.cm\/index.php\/wp-json\/wp\/v2\/pages\/14253\/revisions"}],"predecessor-version":[{"id":19526,"href":"https:\/\/www.minesup.gov.cm\/index.php\/wp-json\/wp\/v2\/pages\/14253\/revisions\/19526"}],"wp:attachment":[{"href":"https:\/\/www.minesup.gov.cm\/index.php\/wp-json\/wp\/v2\/media?parent=14253"}],"curies":[{"name":"wp","href":"https:\/\/api.w.org\/{rel}","templated":true}]}}